{"id":8,"date":"2022-11-17T11:23:18","date_gmt":"2022-11-17T11:23:18","guid":{"rendered":"https:\/\/hidheilaga.arnastofnun.is\/?page_id=8"},"modified":"2022-11-22T15:21:57","modified_gmt":"2022-11-22T15:21:57","slug":"hid-heilaga-og-hid-vanheilaga","status":"publish","type":"page","link":"https:\/\/hidheilaga.arnastofnun.is\/","title":{"rendered":"Hi\u00f0 heilaga og hi\u00f0 vanheilaga"},"content":{"rendered":"\n<div class=\"wp-block-columns is-layout-flex wp-container-core-columns-is-layout-28f84493 wp-block-columns-is-layout-flex\">\n<div class=\"wp-block-column is-layout-flow wp-block-column-is-layout-flow\" style=\"flex-basis:66.66%\">\n<p>Samspili\u00f0 milli hins heilaga og vanheilaga \u00ed handritum og prentu\u00f0um b\u00f3kum \u00e1 tveimur \u00f3l\u00edkum t\u00edmabilum \u00ed \u00edslenskri b\u00f3kmenntas\u00f6gu, sautj\u00e1ndu \u00f6ld og n\u00edtj\u00e1ndu \u00f6ld, er vi\u00f0fangsefni \u00feessa verkefnis. \u00c1 b\u00e1\u00f0um t\u00edmaskei\u00f0um var tilhneiging til a\u00f0 l\u00edta ni\u00f0ur \u00e1 \u00fea\u00f0 sem kalla\u00f0 var hj\u00e1tr\u00faarfullt og smekklaust og \u00fdta \u00feannig til hli\u00f0ar \u00e1kve\u00f0num tegundum kve\u00f0skapar og sagna og koma \u00ed veg fyrir \u00fatbrei\u00f0slu \u00feeirra. M\u00f6rkin milli \u00e6skilegra og \u00f3\u00e6skilegra b\u00f3kmennta f\u00e6r\u00f0ust st\u00f6\u00f0ugt til \u00e1 \u00fev\u00ed \u00feriggja alda skei\u00f0i sem h\u00e9r um r\u00e6\u00f0ir. \u00cd verkefninu ver\u00f0ur sko\u00f0a\u00f0 hvernig b\u00f3kmenntalegir textar hafa veri\u00f0 me\u00f0h\u00f6ndla\u00f0ir \u00e1 \u00e1kve\u00f0num t\u00edmaskei\u00f0um, \u00fear \u00e1 me\u00f0al hvernig reynt var me\u00f0 \u00fdmsum a\u00f0fer\u00f0um a\u00f0 halda hinum vanheil\u00f6gu r\u00edmum ni\u00f0ri og hvernig sumir tr\u00faarlegir textar voru afhelga\u00f0ir vegna breyttra vi\u00f0horfa, einkum hj\u00e1 \u00feeim sem stj\u00f3rnu\u00f0u prentverkinu \u00e1 hverjum t\u00edma.<\/p>\n<\/div>\n\n\n\n<div class=\"wp-block-column is-layout-flow wp-block-column-is-layout-flow\" style=\"flex-basis:33.33%\">\n<figure class=\"wp-block-image size-large\"><img loading=\"lazy\" decoding=\"async\" width=\"768\" height=\"1024\" src=\"https:\/\/hidheilaga.arnastofnun.is\/wp-content\/uploads\/2022\/11\/Kristur-og-Calvin-GKS-3274a-4to-768x1024.jpg\" alt=\"\" class=\"wp-image-37\" srcset=\"https:\/\/hidheilaga.arnastofnun.is\/wp-content\/uploads\/2022\/11\/Kristur-og-Calvin-GKS-3274a-4to-768x1024.jpg 768w, https:\/\/hidheilaga.arnastofnun.is\/wp-content\/uploads\/2022\/11\/Kristur-og-Calvin-GKS-3274a-4to-225x300.jpg 225w, https:\/\/hidheilaga.arnastofnun.is\/wp-content\/uploads\/2022\/11\/Kristur-og-Calvin-GKS-3274a-4to.jpg 1069w\" sizes=\"auto, (max-width: 768px) 100vw, 768px\" \/><figcaption class=\"wp-element-caption\">D\u00f3msdagsmynd \u00far J\u00f3nsb\u00f3karhandriti fr\u00e1 byrjun 17. aldar, GKS 3274 a 4to<\/figcaption><\/figure>\n<\/div>\n<\/div>\n\n\n\n<div class=\"wp-block-columns is-layout-flex wp-container-core-columns-is-layout-28f84493 wp-block-columns-is-layout-flex\">\n<div class=\"wp-block-column is-layout-flow wp-block-column-is-layout-flow\">\n<p>Verkefni\u00f0 beinist a\u00f0 \u00edslenskum sk\u00e1ldum og b\u00f3kmenntagreinum, annars vegar \u00e1 sautj\u00e1ndu \u00f6ld og hins vegar n\u00edtj\u00e1ndu \u00f6ld, sem hafa veri\u00f0 stimplu\u00f0 sem anna\u00f0hvort tr\u00faarleg e\u00f0a veraldleg og fari\u00f0 ver\u00f0ur \u00ed saumana \u00e1 \u00fev\u00ed a\u00f0 hve miklu leyti sl\u00edkir merkimi\u00f0ar eiga r\u00e9tt \u00e1 s\u00e9r. \u00cd verkefninu ver\u00f0ur fengist vi\u00f0 fj\u00f6lbreytta texta \u00ed bundnu og \u00f3bundnu m\u00e1li og \u00feannig er \u00e6tlunin a\u00f0 \u00fer\u00f3a rafr\u00e6nan vettvang fyrir ranns\u00f3knir \u00e1 s\u00ed\u00f0ari alda b\u00f3kmenntum og sameina \u00e1 einum sta\u00f0 tr\u00faarlega og veraldlega, heilaga og vanheilaga texta.<\/p>\n<\/div>\n\n\n\n<div class=\"wp-block-column is-layout-flow wp-block-column-is-layout-flow\">\n<p>Katelin Parsons, n\u00fddoktor fr\u00e1 H\u00e1sk\u00f3la \u00cdslands, mun \u00e1samt Margr\u00e9ti Eggertsd\u00f3ttur vinna a\u00f0 ranns\u00f3knum \u00e1 handritum sem var\u00f0veita kve\u00f0skap Stef\u00e1ns \u00d3lafssonar (1618\u20131688) og Bjarna Gissurarsonar (1621\u20131712). P\u00e9tur H\u00fani Bj\u00f6rnsson mun vinna a\u00f0 doktorsritger\u00f0 sinni um Andra r\u00edmur og Andra s\u00f6gur undir lei\u00f0s\u00f6gn A\u00f0alhei\u00f0ar Gu\u00f0mundsd\u00f3ttur. Einnig er \u00e6tlunin a\u00f0 sko\u00f0a s\u00f6gurnar sem Hallgr\u00edmur P\u00e9tursson (1614\u20131674) bygg\u00f0i r\u00edmur s\u00ednar \u00e1. Seinna munu Lea Pokorny og Karl \u00d3skar \u00d3lafsson b\u00e6tast \u00ed h\u00f3pinn og vinna \u00e1fram a\u00f0 heildar\u00fatg\u00e1fu \u00e1 verkum Hallgr\u00edms P\u00e9turssonar. \u00c6tlunin er a\u00f0 endursko\u00f0a a\u00f0fer\u00f0ir vi\u00f0 \u00fatg\u00e1funa og gefa r\u00edmur Hallgr\u00edms og rit hans \u00ed lausu m\u00e1li \u00fat \u00ed rafr\u00e6nu formi. Einnig ver\u00f0ur haldi\u00f0 m\u00e1l\u00feing \u00fear sem verkefni\u00f0 ver\u00f0ur kynnt og fr\u00e6\u00f0im\u00f6nnum \u00e1 sama svi\u00f0i bo\u00f0in \u00fe\u00e1tttaka. Verkefni\u00f0 hlaut styrk til \u00feriggja \u00e1ra og er \u00e6tlunin a\u00f0 lj\u00faka \u00fev\u00ed me\u00f0 \u00fatg\u00e1fu greinasafns.<\/p>\n<\/div>\n<\/div>\n","protected":false},"excerpt":{"rendered":"<p>Samspili\u00f0 milli hins heilaga og vanheilaga \u00ed handritum og prentu\u00f0um b\u00f3kum \u00e1 tveimur \u00f3l\u00edkum t\u00edmabilum \u00ed \u00edslenskri b\u00f3kmenntas\u00f6gu, sautj\u00e1ndu \u00f6ld og n\u00edtj\u00e1ndu \u00f6ld, er vi\u00f0fangsefni \u00feessa verkefnis. \u00c1 b\u00e1\u00f0um t\u00edmaskei\u00f0um var tilhneiging til a\u00f0 l\u00edta ni\u00f0ur \u00e1 \u00fea\u00f0 sem kalla\u00f0 var hj\u00e1tr\u00faarfullt og smekklaust og \u00fdta \u00feannig til hli\u00f0ar \u00e1kve\u00f0num tegundum kve\u00f0skapar og sagna og [&hellip;]<\/p>\n","protected":false},"author":2,"featured_media":0,"parent":0,"menu_order":0,"comment_status":"closed","ping_status":"closed","template":"page-large-header","meta":{"footnotes":""},"class_list":["post-8","page","type-page","status-publish","hentry"],"_links":{"self":[{"href":"https:\/\/hidheilaga.arnastofnun.is\/index.php?rest_route=\/wp\/v2\/pages\/8","targetHints":{"allow":["GET"]}}],"collection":[{"href":"https:\/\/hidheilaga.arnastofnun.is\/index.php?rest_route=\/wp\/v2\/pages"}],"about":[{"href":"https:\/\/hidheilaga.arnastofnun.is\/index.php?rest_route=\/wp\/v2\/types\/page"}],"author":[{"embeddable":true,"href":"https:\/\/hidheilaga.arnastofnun.is\/index.php?rest_route=\/wp\/v2\/users\/2"}],"replies":[{"embeddable":true,"href":"https:\/\/hidheilaga.arnastofnun.is\/index.php?rest_route=%2Fwp%2Fv2%2Fcomments&post=8"}],"version-history":[{"count":3,"href":"https:\/\/hidheilaga.arnastofnun.is\/index.php?rest_route=\/wp\/v2\/pages\/8\/revisions"}],"predecessor-version":[{"id":38,"href":"https:\/\/hidheilaga.arnastofnun.is\/index.php?rest_route=\/wp\/v2\/pages\/8\/revisions\/38"}],"wp:attachment":[{"href":"https:\/\/hidheilaga.arnastofnun.is\/index.php?rest_route=%2Fwp%2Fv2%2Fmedia&parent=8"}],"curies":[{"name":"wp","href":"https:\/\/api.w.org\/{rel}","templated":true}]}}